{"id":13438,"date":"2018-07-11T03:11:20","date_gmt":"2018-07-11T06:11:20","guid":{"rendered":"https:\/\/www.pnst.com.br\/noticias\/"},"modified":"2024-02-06T22:15:50","modified_gmt":"2024-02-07T01:15:50","slug":"news","status":"publish","type":"page","link":"https:\/\/www.pnst.com.br\/en\/news\/","title":{"rendered":"News"},"content":{"rendered":"<section class=\"gb-block-post-grid featuredpost aligncenter\"><div class=\"gb-post-grid-items is-grid columns-2\"><article id=\"post-20949\" class=\"gb-post-grid-item hide-featured-image post-20949 post type-post status-publish format-standard has-post-thumbnail category-news entry\"><div class=\"gb-block-post-grid-text\"><header class=\"gb-block-post-grid-header\"><h4 class=\"gb-block-post-grid-title\"><a href=\"https:\/\/www.pnst.com.br\/en\/news\/strengthening-pnst-connection-with-nordic-countries\/\" rel=\"bookmark\">Strengthening PNST Connection with Nordic Countries<\/a><\/h4><div class=\"gb-block-post-grid-byline\"><time datetime=\"2025-09-15T09:27:30-03:00\" class=\"gb-block-post-grid-date\" itemprop=\"datePublished\">15\/09\/2025<\/time><\/div><\/header><div class=\"gb-block-post-grid-excerpt\"><p>We are delighted to announce the arrival of Hugo Hartzell&nbsp;to the PNST Advogados team. With a law degree from Stockholm University and additional studies at Funda\u00e7\u00e3o Get\u00falio Vargas, Hugo brings not only solid legal knowledge, but also the cultural experience of someone who knows the Nordic environment well, which is a rare and extremely valuable&hellip;<\/p>\n<p><a class=\"gb-block-post-grid-more-link gb-text-link\" href=\"https:\/\/www.pnst.com.br\/en\/news\/strengthening-pnst-connection-with-nordic-countries\/\" rel=\"bookmark\">Saiba Mais <span class=\"screen-reader-text\">Strengthening PNST Connection with Nordic Countries<\/span><\/a><\/p><\/div><\/div><\/article>\n<article id=\"post-19504\" class=\"gb-post-grid-item hide-featured-image post-19504 post type-post status-publish format-standard category-news entry\"><div class=\"gb-block-post-grid-text\"><header class=\"gb-block-post-grid-header\"><h4 class=\"gb-block-post-grid-title\"><a href=\"https:\/\/www.pnst.com.br\/en\/news\/brazilian-capital-abroad-declaration-2024-base-year-2023\/\" rel=\"bookmark\">Brazilian Capital Abroad Declaration 2024 &#8211; Base-Year 2023<\/a><\/h4><div class=\"gb-block-post-grid-byline\"><time datetime=\"2024-03-08T17:15:00-03:00\" class=\"gb-block-post-grid-date\" itemprop=\"datePublished\">08\/03\/2024<\/time><\/div><\/header><div class=\"gb-block-post-grid-excerpt\"><p>All individuals and legal entities residing in the country holding assets (goods and rights) against non-residents (including real estate, deposits, financing, direct loans, commercial credits, among other assets) totaling the amount of\u00a0US$\u00a01.000.000,00\u00a0(one million United States dollars) as of December 31, 2023, are required to submit the\u00a0Declaration of Brazilian Capital Abroad (CBE) to the Central Bank&hellip;<\/p>\n<p><a class=\"gb-block-post-grid-more-link gb-text-link\" href=\"https:\/\/www.pnst.com.br\/en\/news\/brazilian-capital-abroad-declaration-2024-base-year-2023\/\" rel=\"bookmark\">Saiba Mais <span class=\"screen-reader-text\">Brazilian Capital Abroad Declaration 2024 &#8211; Base-Year 2023<\/span><\/a><\/p><\/div><\/div><\/article>\n<article id=\"post-19501\" class=\"gb-post-grid-item hide-featured-image post-19501 post type-post status-publish format-standard category-news entry\"><div class=\"gb-block-post-grid-text\"><header class=\"gb-block-post-grid-header\"><h4 class=\"gb-block-post-grid-title\"><a href=\"https:\/\/www.pnst.com.br\/en\/news\/annual-information-bacen-2024\/\" rel=\"bookmark\">Annual Information BACEN 2024<\/a><\/h4><div class=\"gb-block-post-grid-byline\"><time datetime=\"2024-03-06T16:48:00-03:00\" class=\"gb-block-post-grid-date\" itemprop=\"datePublished\">06\/03\/2024<\/time><\/div><\/header><div class=\"gb-block-post-grid-excerpt\"><p>Submission of Information of December 2023 to the Central Bank of Brazil \u2013 Mandatory DEF and Annual Update for recipients of foreign capital All companies that are recipients of foreign capital must file, up to March 31st, 2024, a\u00a0Capitalization Table Update, with information of their net equity and paid-in capital, as well as the capital&hellip;<\/p>\n<p><a class=\"gb-block-post-grid-more-link gb-text-link\" href=\"https:\/\/www.pnst.com.br\/en\/news\/annual-information-bacen-2024\/\" rel=\"bookmark\">Saiba Mais <span class=\"screen-reader-text\">Annual Information BACEN 2024<\/span><\/a><\/p><\/div><\/div><\/article>\n<article id=\"post-18223\" class=\"gb-post-grid-item hide-featured-image post-18223 post type-post status-publish format-standard category-news entry\"><div class=\"gb-block-post-grid-text\"><header class=\"gb-block-post-grid-header\"><h4 class=\"gb-block-post-grid-title\"><a href=\"https:\/\/www.pnst.com.br\/en\/news\/censo-anual-de-capital-estrangeiro-2022\/\" rel=\"bookmark\">Foreign Investor Annual Census 2022<\/a><\/h4><div class=\"gb-block-post-grid-byline\"><time datetime=\"2022-08-02T21:57:00-03:00\" class=\"gb-block-post-grid-date\" itemprop=\"datePublished\">02\/08\/2022<\/time><\/div><\/header><div class=\"gb-block-post-grid-excerpt\"><p>We inform you that the deadline to submit the necessary declarations for the Annual Census 2022, with base year 2021, has begun. The deadline for filing is August 15, 2022. Any company or investment fund that has participation by non-resident investors in Brazil on 12\/31\/21 and, simultaneously, has a net worth equal to or greater&hellip;<\/p>\n<p><a class=\"gb-block-post-grid-more-link gb-text-link\" href=\"https:\/\/www.pnst.com.br\/en\/news\/censo-anual-de-capital-estrangeiro-2022\/\" rel=\"bookmark\">Saiba Mais <span class=\"screen-reader-text\">Foreign Investor Annual Census 2022<\/span><\/a><\/p><\/div><\/div><\/article>\n<article id=\"post-18024\" class=\"gb-post-grid-item hide-featured-image post-18024 post type-post status-publish format-standard category-news entry\"><div class=\"gb-block-post-grid-text\"><header class=\"gb-block-post-grid-header\"><h4 class=\"gb-block-post-grid-title\"><a href=\"https:\/\/www.pnst.com.br\/en\/news\/prestacao-de-informacoes-de-dezembro-de-2021-ao-banco-central-do-brasil-def-e-atualizacao-anual-obrigatorias-para-receptoras-de-capital-externo\/\" rel=\"bookmark\">Submission of Information of December 2021 to the Central Bank of Brazil \u2013 Mandatory DEF and Annual Update for Recipients of Foreign Capital<\/a><\/h4><div class=\"gb-block-post-grid-byline\"><time datetime=\"2022-02-09T19:08:12-03:00\" class=\"gb-block-post-grid-date\" itemprop=\"datePublished\">09\/02\/2022<\/time><\/div><\/header><div class=\"gb-block-post-grid-excerpt\"><p>All companies that are recipients of foreign capital must file, up to March 31st, 2022, a Capitalization Table Update, with information of their net equity and paid-in capital, as well as the capital invested by each of their foreign investors on December 31st, 2021. For companies recipient of foreign direct investment with total assets or&hellip;<\/p>\n<p><a class=\"gb-block-post-grid-more-link gb-text-link\" href=\"https:\/\/www.pnst.com.br\/en\/news\/prestacao-de-informacoes-de-dezembro-de-2021-ao-banco-central-do-brasil-def-e-atualizacao-anual-obrigatorias-para-receptoras-de-capital-externo\/\" rel=\"bookmark\">Saiba Mais <span class=\"screen-reader-text\">Submission of Information of December 2021 to the Central Bank of Brazil \u2013 Mandatory DEF and Annual Update for Recipients of Foreign Capital<\/span><\/a><\/p><\/div><\/div><\/article>\n<article id=\"post-16773\" class=\"gb-post-grid-item hide-featured-image post-16773 post type-post status-publish format-standard category-news entry\"><div class=\"gb-block-post-grid-text\"><header class=\"gb-block-post-grid-header\"><h4 class=\"gb-block-post-grid-title\"><a href=\"https:\/\/www.pnst.com.br\/en\/news\/brazilian-data-protection-law-to-take-effect-in-15-days\/\" rel=\"bookmark\">Brazilian Data Protection Law to take effect in 15 days<\/a><\/h4><div class=\"gb-block-post-grid-byline\"><time datetime=\"2020-08-27T15:19:21-03:00\" class=\"gb-block-post-grid-date\" itemprop=\"datePublished\">27\/08\/2020<\/time><\/div><\/header><div class=\"gb-block-post-grid-excerpt\"><p>The Brazilian Data Protection Law &#8211; LGPD should become effective as of the sanction of Provisional Measure (MP) n\u00ba 959\/2020 by the President, in 15 days. The sanctions, however, will only be effective as of August, 2021. The LGPD was expected to be in force on August 16th, 2020, however, due to the coronavirus pandemic,&hellip;<\/p>\n<p><a class=\"gb-block-post-grid-more-link gb-text-link\" href=\"https:\/\/www.pnst.com.br\/en\/news\/brazilian-data-protection-law-to-take-effect-in-15-days\/\" rel=\"bookmark\">Saiba Mais <span class=\"screen-reader-text\">Brazilian Data Protection Law to take effect in 15 days<\/span><\/a><\/p><\/div><\/div><\/article>\n<article id=\"post-16761\" class=\"gb-post-grid-item hide-featured-image post-16761 post type-post status-publish format-standard category-news entry\"><div class=\"gb-block-post-grid-text\"><header class=\"gb-block-post-grid-header\"><h4 class=\"gb-block-post-grid-title\"><a href=\"https:\/\/www.pnst.com.br\/en\/news\/reminder-def-central-bank\/\" rel=\"bookmark\">Reminder DEF Central Bank<\/a><\/h4><div class=\"gb-block-post-grid-byline\"><time datetime=\"2020-06-19T12:01:25-03:00\" class=\"gb-block-post-grid-date\" itemprop=\"datePublished\">19\/06\/2020<\/time><\/div><\/header><div class=\"gb-block-post-grid-excerpt\"><p>We remind you that Brazilian companies recipient of foreign investment with total assets or net equity above R$250.000.000,00 (two-hundred and fifty million reais) are required to file four quarterly economic-financial declarations per year. The next quarterly declaration refers to the accounting information recorded on March 31st 2020 and must be filed by June 30th 2020.<\/p>\n<p><a class=\"gb-block-post-grid-more-link gb-text-link\" href=\"https:\/\/www.pnst.com.br\/en\/news\/reminder-def-central-bank\/\" rel=\"bookmark\">Saiba Mais <span class=\"screen-reader-text\">Reminder DEF Central Bank<\/span><\/a><\/p><\/div><\/div><\/article>\n<article id=\"post-16674\" class=\"gb-post-grid-item hide-featured-image post-16674 post type-post status-publish format-standard category-news entry has-post-thumbnail\"><div class=\"gb-block-post-grid-text\"><header class=\"gb-block-post-grid-header\"><h4 class=\"gb-block-post-grid-title\"><a href=\"https:\/\/www.pnst.com.br\/en\/news\/2020-cpr-latin-america-conference\/\" rel=\"bookmark\">2020 CPR Latin America Conference<\/a><\/h4><div class=\"gb-block-post-grid-byline\"><time datetime=\"2020-04-29T19:49:14-03:00\" class=\"gb-block-post-grid-date\" itemprop=\"datePublished\">29\/04\/2020<\/time><\/div><\/header><div class=\"gb-block-post-grid-excerpt\"><p>Thursday, December 3, 2020 | S\u00e3o Paulo, Brazil After seven successful years of initiatives in Brazil, CPR will be proudly hosting its 2020 CPR Latin America Conference, welcoming all of Latin America and its international business and legal communities. For registration and event information, please visit our website: www.cpradr.org2020lac<\/p>\n<p><a class=\"gb-block-post-grid-more-link gb-text-link\" href=\"https:\/\/www.pnst.com.br\/en\/news\/2020-cpr-latin-america-conference\/\" rel=\"bookmark\">Saiba Mais <span class=\"screen-reader-text\">2020 CPR Latin America Conference<\/span><\/a><\/p><\/div><\/div><\/article>\n<article id=\"post-14024\" class=\"gb-post-grid-item hide-featured-image post-14024 post type-post status-publish format-standard category-news entry\"><div class=\"gb-block-post-grid-text\"><header class=\"gb-block-post-grid-header\"><h4 class=\"gb-block-post-grid-title\"><a href=\"https:\/\/www.pnst.com.br\/en\/news\/new-partner\/\" rel=\"bookmark\">New Partner<\/a><\/h4><div class=\"gb-block-post-grid-byline\"><time datetime=\"2019-01-30T16:21:50-02:00\" class=\"gb-block-post-grid-date\" itemprop=\"datePublished\">30\/01\/2019<\/time><\/div><\/header><div class=\"gb-block-post-grid-excerpt\"><p>Pacheco Neto Sanden e Teisseire Advogados is pleased to announce the promotion of Adriano Consentino to member of the Board of Directors of the firm, in the year in which he celebrates 10 years of association. His practice is focused on foreign direct investment, corporate and contractual law, in addition to meeting demands related to&hellip;<\/p>\n<p><a class=\"gb-block-post-grid-more-link gb-text-link\" href=\"https:\/\/www.pnst.com.br\/en\/news\/new-partner\/\" rel=\"bookmark\">Saiba Mais <span class=\"screen-reader-text\">New Partner<\/span><\/a><\/p><\/div><\/div><\/article>\n<article id=\"post-13444\" class=\"gb-post-grid-item hide-featured-image post-13444 post type-post status-publish format-standard has-post-thumbnail category-news entry\"><div class=\"gb-block-post-grid-text\"><header class=\"gb-block-post-grid-header\"><h4 class=\"gb-block-post-grid-title\"><a href=\"https:\/\/www.pnst.com.br\/en\/news\/patricia-freitas-fuoco-is-recognized-as-brazil-best-regarded-mediators-by-leaders-league-2018\/\" rel=\"bookmark\">Patr\u00edcia Freitas Fuoco is recognized as Brazil Best Regarded Mediators by Leaders League 2018<\/a><\/h4><div class=\"gb-block-post-grid-byline\"><time datetime=\"2018-07-05T03:27:28-03:00\" class=\"gb-block-post-grid-date\" itemprop=\"datePublished\">05\/07\/2018<\/time><\/div><\/header><div class=\"gb-block-post-grid-excerpt\"><p>PNST Advogados congratulates founding partner Patricia Freitas Fuoco for being recognized as Brazil Best Regarded Mediators by the Arbitration and ADR guide of the international publication Leaders League 2018, one of the most renowned international media and rating agencies. The recognition is the result of careful market research that took into account feedback from experts,&hellip;<\/p>\n<p><a class=\"gb-block-post-grid-more-link gb-text-link\" href=\"https:\/\/www.pnst.com.br\/en\/news\/patricia-freitas-fuoco-is-recognized-as-brazil-best-regarded-mediators-by-leaders-league-2018\/\" rel=\"bookmark\">Saiba Mais <span class=\"screen-reader-text\">Patr\u00edcia Freitas Fuoco is recognized as Brazil Best Regarded Mediators by Leaders League 2018<\/span><\/a><\/p><\/div><\/div><\/article>\n<article id=\"post-13789\" class=\"gb-post-grid-item hide-featured-image post-13789 post type-post status-publish format-standard category-news entry has-post-thumbnail\"><div class=\"gb-block-post-grid-text\"><header class=\"gb-block-post-grid-header\"><h4 class=\"gb-block-post-grid-title\"><a href=\"https:\/\/www.pnst.com.br\/en\/news\/swedcham-members-meet-on-controversial-labor-reform\/\" rel=\"bookmark\">Swedcham Members meet on Controversial Labor Reform<\/a><\/h4><div class=\"gb-block-post-grid-byline\"><time datetime=\"2017-11-15T01:16:10-02:00\" class=\"gb-block-post-grid-date\" itemprop=\"datePublished\">15\/11\/2017<\/time><\/div><\/header><div class=\"gb-block-post-grid-excerpt\"><p>The Chamber\u2019s Legal &amp; Business and Human Capital Committees organized a joint event entitled \u201cThe Labor Reform: Certainties and Uncertainties\u201d on August 24. The aim of the event was to discuss the impact the Labor Reform will have on business, workers and the human resources area. Participants initially were given a general view of the&hellip;<\/p>\n<p><a class=\"gb-block-post-grid-more-link gb-text-link\" href=\"https:\/\/www.pnst.com.br\/en\/news\/swedcham-members-meet-on-controversial-labor-reform\/\" rel=\"bookmark\">Saiba Mais <span class=\"screen-reader-text\">Swedcham Members meet on Controversial Labor Reform<\/span><\/a><\/p><\/div><\/div><\/article>\n<article id=\"post-13775\" class=\"gb-post-grid-item hide-featured-image post-13775 post type-post status-publish format-standard category-news entry has-post-thumbnail\"><div class=\"gb-block-post-grid-text\"><header class=\"gb-block-post-grid-header\"><h4 class=\"gb-block-post-grid-title\"><a href=\"https:\/\/www.pnst.com.br\/en\/news\/students-from-colegio-abaco-represent-sweden-in-un-simulation\/\" rel=\"bookmark\">Students from \u201cCol\u00e9gio \u00c1baco\u201d represent Sweden in UN Simulation<\/a><\/h4><div class=\"gb-block-post-grid-byline\"><time datetime=\"2017-11-15T00:53:23-02:00\" class=\"gb-block-post-grid-date\" itemprop=\"datePublished\">15\/11\/2017<\/time><\/div><\/header><div class=\"gb-block-post-grid-excerpt\"><p>Three thousand high school students from all over the world will meet in downtown Boston, Massachusetts, in early 2018 for the traditional conference simulating the work of the United Nations. The conference has been held since 1953 and aims to provide insight into the workings of the United Nations and the dynamics of international relations&hellip;<\/p>\n<p><a class=\"gb-block-post-grid-more-link gb-text-link\" href=\"https:\/\/www.pnst.com.br\/en\/news\/students-from-colegio-abaco-represent-sweden-in-un-simulation\/\" rel=\"bookmark\">Saiba Mais <span class=\"screen-reader-text\">Students from \u201cCol\u00e9gio \u00c1baco\u201d represent Sweden in UN Simulation<\/span><\/a><\/p><\/div><\/div><\/article>\n<article id=\"post-13762\" class=\"gb-post-grid-item hide-featured-image post-13762 post type-post status-publish format-standard category-news entry has-post-thumbnail\"><div class=\"gb-block-post-grid-text\"><header class=\"gb-block-post-grid-header\"><h4 class=\"gb-block-post-grid-title\"><a href=\"https:\/\/www.pnst.com.br\/en\/news\/swedcham-at-eurocamaras\/\" rel=\"bookmark\">Swedcham at Euroc\u00e2maras<\/a><\/h4><div class=\"gb-block-post-grid-byline\"><time datetime=\"2017-08-15T00:36:00-03:00\" class=\"gb-block-post-grid-date\" itemprop=\"datePublished\">15\/08\/2017<\/time><\/div><\/header><div class=\"gb-block-post-grid-excerpt\"><p>Swedcham has completed its term ahead of the Euroc\u00e2maras, Association of the bilateral European Chambers of Commerce and Industry in Brazil. It is thus a good time to thank Chairman Nils Grafstr\u00f6m and Managing Director Jonas Lindstr\u00f6m for their high commitment over the last 12 months. Euroc\u00e2maras intensified even more Swedcham\u2019s already very dynamic and&hellip;<\/p>\n<p><a class=\"gb-block-post-grid-more-link gb-text-link\" href=\"https:\/\/www.pnst.com.br\/en\/news\/swedcham-at-eurocamaras\/\" rel=\"bookmark\">Saiba Mais <span class=\"screen-reader-text\">Swedcham at Euroc\u00e2maras<\/span><\/a><\/p><\/div><\/div><\/article>\n<article id=\"post-13747\" class=\"gb-post-grid-item hide-featured-image post-13747 post type-post status-publish format-standard category-news entry has-post-thumbnail\"><div class=\"gb-block-post-grid-text\"><header class=\"gb-block-post-grid-header\"><h4 class=\"gb-block-post-grid-title\"><a href=\"https:\/\/www.pnst.com.br\/en\/news\/swedish-consul-general-gives-interview-on-cbn-radio\/\" rel=\"bookmark\">Swedish Consul General gives an Interview on CBN Radio<\/a><\/h4><div class=\"gb-block-post-grid-byline\"><time datetime=\"2017-06-09T23:44:16-03:00\" class=\"gb-block-post-grid-date\" itemprop=\"datePublished\">09\/06\/2017<\/time><\/div><\/header><div class=\"gb-block-post-grid-excerpt\"><p>One of the proposals of the Temer government is of course the much-debated pension reform. This fact has led to an interest in how the system works in Sweden and how the increasingly older population is taken care of from the CBN radio channel, which has a program specialized in this topic called \u201c50 Mais\u201d,&hellip;<\/p>\n<p><a class=\"gb-block-post-grid-more-link gb-text-link\" href=\"https:\/\/www.pnst.com.br\/en\/news\/swedish-consul-general-gives-interview-on-cbn-radio\/\" rel=\"bookmark\">Saiba Mais <span class=\"screen-reader-text\">Swedish Consul General gives an Interview on CBN Radio<\/span><\/a><\/p><\/div><\/div><\/article>\n<article id=\"post-13746\" class=\"gb-post-grid-item hide-featured-image post-13746 post type-post status-publish format-standard category-news entry\"><div class=\"gb-block-post-grid-text\"><header class=\"gb-block-post-grid-header\"><h4 class=\"gb-block-post-grid-title\"><a href=\"https:\/\/www.pnst.com.br\/en\/news\/preparing-a-position-paper\/\" rel=\"bookmark\">Preparing a Position Paper<\/a><\/h4><div class=\"gb-block-post-grid-byline\"><time datetime=\"2017-05-15T23:27:47-03:00\" class=\"gb-block-post-grid-date\" itemprop=\"datePublished\">15\/05\/2017<\/time><\/div><\/header><div class=\"gb-block-post-grid-excerpt\"><p>In light of the very challenging international scenario, where China has not yet displaced the EU so far along the negotiation period, Euroc\u00e2maras is almost finishing its Swedish Chairmanship and is currently preparing a position paper together with the Market Access Team experts to contribute to its main priorities discussed in the Strategic Committee. These&hellip;<\/p>\n<p><a class=\"gb-block-post-grid-more-link gb-text-link\" href=\"https:\/\/www.pnst.com.br\/en\/news\/preparing-a-position-paper\/\" rel=\"bookmark\">Saiba Mais <span class=\"screen-reader-text\">Preparing a Position Paper<\/span><\/a><\/p><\/div><\/div><\/article>\n<article id=\"post-13729\" class=\"gb-post-grid-item hide-featured-image post-13729 post type-post status-publish format-standard category-news entry\"><div class=\"gb-block-post-grid-text\"><header class=\"gb-block-post-grid-header\"><h4 class=\"gb-block-post-grid-title\"><a href=\"https:\/\/www.pnst.com.br\/en\/news\/reopening-of-the-repatriation\/\" rel=\"bookmark\">Reopening of the Repatriation<\/a><\/h4><div class=\"gb-block-post-grid-byline\"><time datetime=\"2017-04-15T22:10:51-03:00\" class=\"gb-block-post-grid-date\" itemprop=\"datePublished\">15\/04\/2017<\/time><\/div><\/header><div class=\"gb-block-post-grid-excerpt\"><p>Law No. 13,428, of March 30, 2017, reopened the deadline for joining the Special Exchange and Tax Regularization Regime (RERCT). The special regime covers the regularization of goods or rights of lawful origin, undeclared or incorrectly declared, sent, kept abroad or repatriated by residents or domiciled in the country. The reopening of the regularization regime&hellip;<\/p>\n<p><a class=\"gb-block-post-grid-more-link gb-text-link\" href=\"https:\/\/www.pnst.com.br\/en\/news\/reopening-of-the-repatriation\/\" rel=\"bookmark\">Saiba Mais <span class=\"screen-reader-text\">Reopening of the Repatriation<\/span><\/a><\/p><\/div><\/div><\/article>\n<article id=\"post-13730\" class=\"gb-post-grid-item hide-featured-image post-13730 post type-post status-publish format-standard category-news entry\"><div class=\"gb-block-post-grid-text\"><header class=\"gb-block-post-grid-header\"><h4 class=\"gb-block-post-grid-title\"><a href=\"https:\/\/www.pnst.com.br\/en\/news\/income-tax-and-cide-on-the-use-of-software-as-a-service\/\" rel=\"bookmark\">Income Tax and CIDE on the Use of Software as a Service<\/a><\/h4><div class=\"gb-block-post-grid-byline\"><time datetime=\"2017-04-06T22:13:11-03:00\" class=\"gb-block-post-grid-date\" itemprop=\"datePublished\">06\/04\/2017<\/time><\/div><\/header><div class=\"gb-block-post-grid-excerpt\"><p>Through the COSIT Consultation Solution n\u00ba 191 (03\/29\/2017), the Federal Revenue Service of Brazil (RFB) analyzed whether payments made to the source located abroad, in consideration of authorizations for access and remote use of software, which may hosted in the cloud, and accessed remotely, via the internet, via login and password, are subject to taxation&hellip;<\/p>\n<p><a class=\"gb-block-post-grid-more-link gb-text-link\" href=\"https:\/\/www.pnst.com.br\/en\/news\/income-tax-and-cide-on-the-use-of-software-as-a-service\/\" rel=\"bookmark\">Saiba Mais <span class=\"screen-reader-text\">Income Tax and CIDE on the Use of Software as a Service<\/span><\/a><\/p><\/div><\/div><\/article>\n<article id=\"post-13732\" class=\"gb-post-grid-item hide-featured-image post-13732 post type-post status-publish format-standard category-news entry has-post-thumbnail\"><div class=\"gb-block-post-grid-text\"><header class=\"gb-block-post-grid-header\"><h4 class=\"gb-block-post-grid-title\"><a href=\"https:\/\/www.pnst.com.br\/en\/news\/an-agenda-packed-with-activities\/\" rel=\"bookmark\">An Agenda Packed with Activities<\/a><\/h4><div class=\"gb-block-post-grid-byline\"><time datetime=\"2017-02-15T23:11:18-02:00\" class=\"gb-block-post-grid-date\" itemprop=\"datePublished\">15\/02\/2017<\/time><\/div><\/header><div class=\"gb-block-post-grid-excerpt\"><p>Since Swedcham took over the Euroc\u00e2maras Chairmanship in June 2016, many things came up, not only to be managed beyond the day-to-day activities but also to be prioritized due to a packed agenda with many events in different locations, both in Brazil and abroad. The very first event when Swedcham took over was to host&hellip;<\/p>\n<p><a class=\"gb-block-post-grid-more-link gb-text-link\" href=\"https:\/\/www.pnst.com.br\/en\/news\/an-agenda-packed-with-activities\/\" rel=\"bookmark\">Saiba Mais <span class=\"screen-reader-text\">An Agenda Packed with Activities<\/span><\/a><\/p><\/div><\/div><\/article>\n<\/div><\/section>","protected":false},"excerpt":{"rendered":"","protected":false},"author":1,"featured_media":0,"parent":0,"menu_order":0,"comment_status":"closed","ping_status":"closed","template":"","meta":{"_uag_custom_page_level_css":"","_genesis_hide_title":false,"_genesis_hide_breadcrumbs":false,"_genesis_hide_singular_image":false,"_genesis_hide_footer_widgets":false,"_genesis_custom_body_class":"","_genesis_custom_post_class":"","_genesis_layout":"","_joinchat":[],"footnotes":""},"class_list":{"0":"post-13438","1":"page","2":"type-page","3":"status-publish","5":"entry"},"yoast_head":"<!-- This site is optimized with the Yoast SEO plugin v27.4 - https:\/\/yoast.com\/product\/yoast-seo-wordpress\/ -->\n<title>News - PNST<\/title>\n<meta name=\"robots\" content=\"index, follow, max-snippet:-1, max-image-preview:large, max-video-preview:-1\" \/>\n<link rel=\"canonical\" href=\"https:\/\/www.pnst.com.br\/en\/news\/\" \/>\n<meta property=\"og:locale\" content=\"en_US\" \/>\n<meta property=\"og:type\" content=\"article\" \/>\n<meta property=\"og:title\" content=\"News - PNST\" \/>\n<meta property=\"og:url\" content=\"https:\/\/www.pnst.com.br\/en\/news\/\" \/>\n<meta property=\"og:site_name\" content=\"PNST\" \/>\n<meta property=\"article:publisher\" content=\"https:\/\/www.facebook.com\/PNSTADVOGADOS\" \/>\n<meta property=\"article:modified_time\" content=\"2024-02-07T01:15:50+00:00\" \/>\n<meta property=\"og:image\" content=\"https:\/\/www.pnst.com.br\/wp-content\/uploads\/2020\/01\/logo-PNST.png\" \/>\n\t<meta property=\"og:image:width\" content=\"262\" \/>\n\t<meta property=\"og:image:height\" content=\"95\" \/>\n\t<meta property=\"og:image:type\" content=\"image\/png\" \/>\n<meta name=\"twitter:card\" content=\"summary_large_image\" \/>\n<script type=\"application\/ld+json\" class=\"yoast-schema-graph\">{\"@context\":\"https:\\\/\\\/schema.org\",\"@graph\":[{\"@type\":\"WebPage\",\"@id\":\"https:\\\/\\\/www.pnst.com.br\\\/en\\\/news\\\/\",\"url\":\"https:\\\/\\\/www.pnst.com.br\\\/en\\\/news\\\/\",\"name\":\"News - PNST\",\"isPartOf\":{\"@id\":\"https:\\\/\\\/www.pnst.com.br\\\/en\\\/#website\"},\"datePublished\":\"2018-07-11T06:11:20+00:00\",\"dateModified\":\"2024-02-07T01:15:50+00:00\",\"breadcrumb\":{\"@id\":\"https:\\\/\\\/www.pnst.com.br\\\/en\\\/news\\\/#breadcrumb\"},\"inLanguage\":\"en-US\",\"potentialAction\":[{\"@type\":\"ReadAction\",\"target\":[\"https:\\\/\\\/www.pnst.com.br\\\/en\\\/news\\\/\"]}]},{\"@type\":\"BreadcrumbList\",\"@id\":\"https:\\\/\\\/www.pnst.com.br\\\/en\\\/news\\\/#breadcrumb\",\"itemListElement\":[{\"@type\":\"ListItem\",\"position\":1,\"name\":\"Home\",\"item\":\"https:\\\/\\\/www.pnst.com.br\\\/en\\\/\"},{\"@type\":\"ListItem\",\"position\":2,\"name\":\"News\"}]},{\"@type\":\"WebSite\",\"@id\":\"https:\\\/\\\/www.pnst.com.br\\\/en\\\/#website\",\"url\":\"https:\\\/\\\/www.pnst.com.br\\\/en\\\/\",\"name\":\"PNST\",\"description\":\"Pacheco Neto, Sanden, Teisseire Advogados\",\"publisher\":{\"@id\":\"https:\\\/\\\/www.pnst.com.br\\\/en\\\/#organization\"},\"potentialAction\":[{\"@type\":\"SearchAction\",\"target\":{\"@type\":\"EntryPoint\",\"urlTemplate\":\"https:\\\/\\\/www.pnst.com.br\\\/en\\\/?s={search_term_string}\"},\"query-input\":{\"@type\":\"PropertyValueSpecification\",\"valueRequired\":true,\"valueName\":\"search_term_string\"}}],\"inLanguage\":\"en-US\"},{\"@type\":\"Organization\",\"@id\":\"https:\\\/\\\/www.pnst.com.br\\\/en\\\/#organization\",\"name\":\"PNST | Pacheco Neto, Sanden, Teisseire Advogados\",\"url\":\"https:\\\/\\\/www.pnst.com.br\\\/en\\\/\",\"logo\":{\"@type\":\"ImageObject\",\"inLanguage\":\"en-US\",\"@id\":\"https:\\\/\\\/www.pnst.com.br\\\/en\\\/#\\\/schema\\\/logo\\\/image\\\/\",\"url\":\"https:\\\/\\\/www.pnst.com.br\\\/wp-content\\\/uploads\\\/2015\\\/07\\\/PNST-Pacheco-Neto-Sanden_Teisseire.jpg\",\"contentUrl\":\"https:\\\/\\\/www.pnst.com.br\\\/wp-content\\\/uploads\\\/2015\\\/07\\\/PNST-Pacheco-Neto-Sanden_Teisseire.jpg\",\"width\":262,\"height\":95,\"caption\":\"PNST | Pacheco Neto, Sanden, Teisseire Advogados\"},\"image\":{\"@id\":\"https:\\\/\\\/www.pnst.com.br\\\/en\\\/#\\\/schema\\\/logo\\\/image\\\/\"},\"sameAs\":[\"https:\\\/\\\/www.facebook.com\\\/PNSTADVOGADOS\"]}]}<\/script>\n<!-- \/ Yoast SEO plugin. -->","yoast_head_json":{"title":"News - PNST","robots":{"index":"index","follow":"follow","max-snippet":"max-snippet:-1","max-image-preview":"max-image-preview:large","max-video-preview":"max-video-preview:-1"},"canonical":"https:\/\/www.pnst.com.br\/en\/news\/","og_locale":"en_US","og_type":"article","og_title":"News - PNST","og_url":"https:\/\/www.pnst.com.br\/en\/news\/","og_site_name":"PNST","article_publisher":"https:\/\/www.facebook.com\/PNSTADVOGADOS","article_modified_time":"2024-02-07T01:15:50+00:00","og_image":[{"width":262,"height":95,"url":"https:\/\/www.pnst.com.br\/wp-content\/uploads\/2020\/01\/logo-PNST.png","type":"image\/png"}],"twitter_card":"summary_large_image","schema":{"@context":"https:\/\/schema.org","@graph":[{"@type":"WebPage","@id":"https:\/\/www.pnst.com.br\/en\/news\/","url":"https:\/\/www.pnst.com.br\/en\/news\/","name":"News - PNST","isPartOf":{"@id":"https:\/\/www.pnst.com.br\/en\/#website"},"datePublished":"2018-07-11T06:11:20+00:00","dateModified":"2024-02-07T01:15:50+00:00","breadcrumb":{"@id":"https:\/\/www.pnst.com.br\/en\/news\/#breadcrumb"},"inLanguage":"en-US","potentialAction":[{"@type":"ReadAction","target":["https:\/\/www.pnst.com.br\/en\/news\/"]}]},{"@type":"BreadcrumbList","@id":"https:\/\/www.pnst.com.br\/en\/news\/#breadcrumb","itemListElement":[{"@type":"ListItem","position":1,"name":"Home","item":"https:\/\/www.pnst.com.br\/en\/"},{"@type":"ListItem","position":2,"name":"News"}]},{"@type":"WebSite","@id":"https:\/\/www.pnst.com.br\/en\/#website","url":"https:\/\/www.pnst.com.br\/en\/","name":"PNST","description":"Pacheco Neto, Sanden, Teisseire Advogados","publisher":{"@id":"https:\/\/www.pnst.com.br\/en\/#organization"},"potentialAction":[{"@type":"SearchAction","target":{"@type":"EntryPoint","urlTemplate":"https:\/\/www.pnst.com.br\/en\/?s={search_term_string}"},"query-input":{"@type":"PropertyValueSpecification","valueRequired":true,"valueName":"search_term_string"}}],"inLanguage":"en-US"},{"@type":"Organization","@id":"https:\/\/www.pnst.com.br\/en\/#organization","name":"PNST | Pacheco Neto, Sanden, Teisseire Advogados","url":"https:\/\/www.pnst.com.br\/en\/","logo":{"@type":"ImageObject","inLanguage":"en-US","@id":"https:\/\/www.pnst.com.br\/en\/#\/schema\/logo\/image\/","url":"https:\/\/www.pnst.com.br\/wp-content\/uploads\/2015\/07\/PNST-Pacheco-Neto-Sanden_Teisseire.jpg","contentUrl":"https:\/\/www.pnst.com.br\/wp-content\/uploads\/2015\/07\/PNST-Pacheco-Neto-Sanden_Teisseire.jpg","width":262,"height":95,"caption":"PNST | Pacheco Neto, Sanden, Teisseire Advogados"},"image":{"@id":"https:\/\/www.pnst.com.br\/en\/#\/schema\/logo\/image\/"},"sameAs":["https:\/\/www.facebook.com\/PNSTADVOGADOS"]}]}},"featured_image_src":"","featured_image_src_square":false,"rbea_author_info":{"display_name":"admin","author_link":"https:\/\/www.pnst.com.br\/en\/author\/admin\/"},"rbea_excerpt_info":null,"uagb_featured_image_src":{"full":false,"thumbnail":false,"medium":false,"medium_large":false,"large":false,"1536x1536":false,"2048x2048":false,"single-featured-image":false,"blog-featured-image":false,"home-featured":false,"gb-block-post-grid-landscape":false,"gb-block-post-grid-square":false},"uagb_author_info":{"display_name":"admin","author_link":"https:\/\/www.pnst.com.br\/en\/author\/admin\/"},"uagb_comment_info":0,"uagb_excerpt":null,"_links":{"self":[{"href":"https:\/\/www.pnst.com.br\/en\/wp-json\/wp\/v2\/pages\/13438","targetHints":{"allow":["GET"]}}],"collection":[{"href":"https:\/\/www.pnst.com.br\/en\/wp-json\/wp\/v2\/pages"}],"about":[{"href":"https:\/\/www.pnst.com.br\/en\/wp-json\/wp\/v2\/types\/page"}],"author":[{"embeddable":true,"href":"https:\/\/www.pnst.com.br\/en\/wp-json\/wp\/v2\/users\/1"}],"replies":[{"embeddable":true,"href":"https:\/\/www.pnst.com.br\/en\/wp-json\/wp\/v2\/comments?post=13438"}],"version-history":[{"count":0,"href":"https:\/\/www.pnst.com.br\/en\/wp-json\/wp\/v2\/pages\/13438\/revisions"}],"wp:attachment":[{"href":"https:\/\/www.pnst.com.br\/en\/wp-json\/wp\/v2\/media?parent=13438"}],"curies":[{"name":"wp","href":"https:\/\/api.w.org\/{rel}","templated":true}]}}