{"id":10818,"date":"2016-12-05T14:42:31","date_gmt":"2016-12-05T16:42:31","guid":{"rendered":"https:\/\/www.pnst.com.br\/fr\/profile\/jean-francois-teisseire\/"},"modified":"2020-09-29T10:21:41","modified_gmt":"2020-09-29T13:21:41","slug":"jean-francois-teisseire","status":"publish","type":"profile","link":"https:\/\/www.pnst.com.br\/fr\/profile\/jean-francois-teisseire\/","title":{"rendered":"Jean Fran\u00e7ois Teisseire"},"content":{"rendered":"<blockquote><p><em>\u00ab\u00a0\u00catre binational implique la connaissance et la compr\u00e9hension de la culture et des valeurs y attach\u00e9es de chacun des deux pays qui permettent la mise \u00e0 disposition d&rsquo;opportunit\u00e9s r\u00e9ciproques.\u00a0\u00bb<\/em><\/p><\/blockquote>\n<p style=\"text-align: justify;\"><b>Jean Fran\u00e7ois Teisseire\u00a0<\/b>est associ\u00e9 fondateur de la soci\u00e9t\u00e9 d\u2019Avocats Pacheco Neto Sanden Teisseire Advogados. Il est Franco-Br\u00e9silien et a compl\u00e9t\u00e9 sa formation acad\u00e9mique \u00e0 l&rsquo;Universit\u00e9 Paris II &#8211; Assas. Il est inscrit aux barreaux de S\u00e3o Paulo, Rio de Janeiro et de Bahia. Il accompagne les clients dans des transactions internationales entre le Br\u00e9sil et la France depuis plus de 30 ans. Il est reconnu comme\u00a0 r\u00e9f\u00e9rence dans son domaine d&rsquo;activit\u00e9 et dans la communaut\u00e9 Franco-Br\u00e9silienne. Son activit\u00e9 se concentre particuli\u00e8rement sur le droit de la concurrence, les fusions et acquisitions, l&rsquo;investissement \u00e9tranger et la m\u00e9diation et l&rsquo;arbitrage. Il est secr\u00e9taire g\u00e9n\u00e9ral du conseil du Centre de M\u00e9diation et d&rsquo;Arbitrage des Eurochambres (CAE), Vice-Pr\u00e9sident du Conseil National de M\u00e9diation et d&rsquo;Arbitrage (CONIMA), Fondateur Vice-Pr\u00e9sident de l&rsquo;Institut Br\u00e9silien d&rsquo;Arbitrage Fiscal (IBAT) et membre du Conseil des Relations Internationales du Barreau de S\u00e3o Paulo. Sa langue maternelle est le fran\u00e7ais et il parle couramment le portugais et l&rsquo;anglais.<\/p>\n","protected":false},"excerpt":{"rendered":"<p>\u00ab\u00a0\u00catre binational implique la connaissance et la compr\u00e9hension de la culture et des valeurs y attach\u00e9es de chacun des deux pays qui permettent la mise \u00e0 disposition d&rsquo;opportunit\u00e9s r\u00e9ciproques.\u00a0\u00bb Jean Fran\u00e7ois Teisseire\u00a0est associ\u00e9 fondateur de la soci\u00e9t\u00e9 d\u2019Avocats Pacheco Neto Sanden Teisseire Advogados. Il est Franco-Br\u00e9silien et a compl\u00e9t\u00e9 sa formation acad\u00e9mique \u00e0 l&rsquo;Universit\u00e9 Paris [&hellip;]<\/p>\n","protected":false},"featured_media":8533,"parent":0,"menu_order":0,"comment_status":"closed","ping_status":"closed","template":"","meta":{"_uag_custom_page_level_css":"","_genesis_hide_title":false,"_genesis_hide_breadcrumbs":false,"_genesis_hide_singular_image":false,"_genesis_hide_footer_widgets":false,"_genesis_custom_body_class":"","_genesis_custom_post_class":"","_genesis_layout":"","_joinchat":[],"footnotes":""},"pl-categs":[171],"class_list":{"0":"post-10818","1":"profile","2":"type-profile","3":"status-publish","4":"has-post-thumbnail","6":"pl-categs-boardmembers-directors-fr","7":"entry"},"yoast_head":"<!-- This site is optimized with the Yoast SEO plugin v27.4 - https:\/\/yoast.com\/product\/yoast-seo-wordpress\/ -->\n<title>Jean Fran\u00e7ois Teisseire - PNST<\/title>\n<meta name=\"robots\" content=\"index, follow, max-snippet:-1, max-image-preview:large, max-video-preview:-1\" \/>\n<link rel=\"canonical\" href=\"https:\/\/www.pnst.com.br\/fr\/profile\/jean-francois-teisseire\/\" \/>\n<meta property=\"og:locale\" content=\"fr_FR\" \/>\n<meta property=\"og:type\" content=\"article\" \/>\n<meta property=\"og:title\" content=\"Jean Fran\u00e7ois Teisseire - PNST\" \/>\n<meta property=\"og:description\" content=\"\u00ab\u00a0\u00catre binational implique la connaissance et la compr\u00e9hension de la culture et des valeurs y attach\u00e9es de chacun des deux pays qui permettent la mise \u00e0 disposition d&rsquo;opportunit\u00e9s r\u00e9ciproques.\u00a0\u00bb Jean Fran\u00e7ois Teisseire\u00a0est associ\u00e9 fondateur de la soci\u00e9t\u00e9 d\u2019Avocats Pacheco Neto Sanden Teisseire Advogados. Il est Franco-Br\u00e9silien et a compl\u00e9t\u00e9 sa formation acad\u00e9mique \u00e0 l&rsquo;Universit\u00e9 Paris [&hellip;]\" \/>\n<meta property=\"og:url\" content=\"https:\/\/www.pnst.com.br\/fr\/profile\/jean-francois-teisseire\/\" \/>\n<meta property=\"og:site_name\" content=\"PNST\" \/>\n<meta property=\"article:publisher\" content=\"https:\/\/www.facebook.com\/PNSTADVOGADOS\" \/>\n<meta property=\"article:modified_time\" content=\"2020-09-29T13:21:41+00:00\" \/>\n<meta property=\"og:image\" content=\"https:\/\/www.pnst.com.br\/wp-content\/uploads\/2016\/12\/perfil-quadrado_0002_Jean-Francois-Teisseire.png\" \/>\n\t<meta property=\"og:image:width\" content=\"420\" \/>\n\t<meta property=\"og:image:height\" content=\"420\" \/>\n\t<meta property=\"og:image:type\" content=\"image\/png\" \/>\n<meta name=\"twitter:card\" content=\"summary_large_image\" \/>\n<meta name=\"twitter:label1\" content=\"Dur\u00e9e de lecture estim\u00e9e\" \/>\n\t<meta name=\"twitter:data1\" content=\"1 minute\" \/>\n<script type=\"application\/ld+json\" class=\"yoast-schema-graph\">{\"@context\":\"https:\\\/\\\/schema.org\",\"@graph\":[{\"@type\":\"WebPage\",\"@id\":\"https:\\\/\\\/www.pnst.com.br\\\/fr\\\/profile\\\/jean-francois-teisseire\\\/\",\"url\":\"https:\\\/\\\/www.pnst.com.br\\\/fr\\\/profile\\\/jean-francois-teisseire\\\/\",\"name\":\"Jean Fran\u00e7ois Teisseire - PNST\",\"isPartOf\":{\"@id\":\"https:\\\/\\\/www.pnst.com.br\\\/fr\\\/#website\"},\"primaryImageOfPage\":{\"@id\":\"https:\\\/\\\/www.pnst.com.br\\\/fr\\\/profile\\\/jean-francois-teisseire\\\/#primaryimage\"},\"image\":{\"@id\":\"https:\\\/\\\/www.pnst.com.br\\\/fr\\\/profile\\\/jean-francois-teisseire\\\/#primaryimage\"},\"thumbnailUrl\":\"https:\\\/\\\/www.pnst.com.br\\\/wp-content\\\/uploads\\\/2016\\\/12\\\/jean-francois-teisseire-thumb.png\",\"datePublished\":\"2016-12-05T16:42:31+00:00\",\"dateModified\":\"2020-09-29T13:21:41+00:00\",\"breadcrumb\":{\"@id\":\"https:\\\/\\\/www.pnst.com.br\\\/fr\\\/profile\\\/jean-francois-teisseire\\\/#breadcrumb\"},\"inLanguage\":\"fr-FR\",\"potentialAction\":[{\"@type\":\"ReadAction\",\"target\":[\"https:\\\/\\\/www.pnst.com.br\\\/fr\\\/profile\\\/jean-francois-teisseire\\\/\"]}]},{\"@type\":\"ImageObject\",\"inLanguage\":\"fr-FR\",\"@id\":\"https:\\\/\\\/www.pnst.com.br\\\/fr\\\/profile\\\/jean-francois-teisseire\\\/#primaryimage\",\"url\":\"https:\\\/\\\/www.pnst.com.br\\\/wp-content\\\/uploads\\\/2016\\\/12\\\/jean-francois-teisseire-thumb.png\",\"contentUrl\":\"https:\\\/\\\/www.pnst.com.br\\\/wp-content\\\/uploads\\\/2016\\\/12\\\/jean-francois-teisseire-thumb.png\",\"width\":450,\"height\":450},{\"@type\":\"BreadcrumbList\",\"@id\":\"https:\\\/\\\/www.pnst.com.br\\\/fr\\\/profile\\\/jean-francois-teisseire\\\/#breadcrumb\",\"itemListElement\":[{\"@type\":\"ListItem\",\"position\":1,\"name\":\"Accueil\",\"item\":\"https:\\\/\\\/www.pnst.com.br\\\/fr\\\/\"},{\"@type\":\"ListItem\",\"position\":2,\"name\":\"Profiles\",\"item\":\"https:\\\/\\\/www.pnst.com.br\\\/fr\\\/profile\\\/\"},{\"@type\":\"ListItem\",\"position\":3,\"name\":\"Membres du Conseil D\u2019administration\",\"item\":\"https:\\\/\\\/www.pnst.com.br\\\/fr\\\/pl-categs\\\/boardmembers-directors-fr\\\/\"},{\"@type\":\"ListItem\",\"position\":4,\"name\":\"Jean Fran\u00e7ois Teisseire\"}]},{\"@type\":\"WebSite\",\"@id\":\"https:\\\/\\\/www.pnst.com.br\\\/fr\\\/#website\",\"url\":\"https:\\\/\\\/www.pnst.com.br\\\/fr\\\/\",\"name\":\"PNST\",\"description\":\"Pacheco Neto, Sanden, Teisseire Advogados\",\"publisher\":{\"@id\":\"https:\\\/\\\/www.pnst.com.br\\\/fr\\\/#organization\"},\"potentialAction\":[{\"@type\":\"SearchAction\",\"target\":{\"@type\":\"EntryPoint\",\"urlTemplate\":\"https:\\\/\\\/www.pnst.com.br\\\/fr\\\/?s={search_term_string}\"},\"query-input\":{\"@type\":\"PropertyValueSpecification\",\"valueRequired\":true,\"valueName\":\"search_term_string\"}}],\"inLanguage\":\"fr-FR\"},{\"@type\":\"Organization\",\"@id\":\"https:\\\/\\\/www.pnst.com.br\\\/fr\\\/#organization\",\"name\":\"PNST | Pacheco Neto, Sanden, Teisseire Advogados\",\"url\":\"https:\\\/\\\/www.pnst.com.br\\\/fr\\\/\",\"logo\":{\"@type\":\"ImageObject\",\"inLanguage\":\"fr-FR\",\"@id\":\"https:\\\/\\\/www.pnst.com.br\\\/fr\\\/#\\\/schema\\\/logo\\\/image\\\/\",\"url\":\"https:\\\/\\\/www.pnst.com.br\\\/wp-content\\\/uploads\\\/2015\\\/07\\\/PNST-Pacheco-Neto-Sanden_Teisseire.jpg\",\"contentUrl\":\"https:\\\/\\\/www.pnst.com.br\\\/wp-content\\\/uploads\\\/2015\\\/07\\\/PNST-Pacheco-Neto-Sanden_Teisseire.jpg\",\"width\":262,\"height\":95,\"caption\":\"PNST | Pacheco Neto, Sanden, Teisseire Advogados\"},\"image\":{\"@id\":\"https:\\\/\\\/www.pnst.com.br\\\/fr\\\/#\\\/schema\\\/logo\\\/image\\\/\"},\"sameAs\":[\"https:\\\/\\\/www.facebook.com\\\/PNSTADVOGADOS\"]}]}<\/script>\n<!-- \/ Yoast SEO plugin. -->","yoast_head_json":{"title":"Jean Fran\u00e7ois Teisseire - PNST","robots":{"index":"index","follow":"follow","max-snippet":"max-snippet:-1","max-image-preview":"max-image-preview:large","max-video-preview":"max-video-preview:-1"},"canonical":"https:\/\/www.pnst.com.br\/fr\/profile\/jean-francois-teisseire\/","og_locale":"fr_FR","og_type":"article","og_title":"Jean Fran\u00e7ois Teisseire - PNST","og_description":"\u00ab\u00a0\u00catre binational implique la connaissance et la compr\u00e9hension de la culture et des valeurs y attach\u00e9es de chacun des deux pays qui permettent la mise \u00e0 disposition d&rsquo;opportunit\u00e9s r\u00e9ciproques.\u00a0\u00bb Jean Fran\u00e7ois Teisseire\u00a0est associ\u00e9 fondateur de la soci\u00e9t\u00e9 d\u2019Avocats Pacheco Neto Sanden Teisseire Advogados. Il est Franco-Br\u00e9silien et a compl\u00e9t\u00e9 sa formation acad\u00e9mique \u00e0 l&rsquo;Universit\u00e9 Paris [&hellip;]","og_url":"https:\/\/www.pnst.com.br\/fr\/profile\/jean-francois-teisseire\/","og_site_name":"PNST","article_publisher":"https:\/\/www.facebook.com\/PNSTADVOGADOS","article_modified_time":"2020-09-29T13:21:41+00:00","og_image":[{"width":420,"height":420,"url":"https:\/\/www.pnst.com.br\/wp-content\/uploads\/2016\/12\/perfil-quadrado_0002_Jean-Francois-Teisseire.png","type":"image\/png"}],"twitter_card":"summary_large_image","twitter_misc":{"Dur\u00e9e de lecture estim\u00e9e":"1 minute"},"schema":{"@context":"https:\/\/schema.org","@graph":[{"@type":"WebPage","@id":"https:\/\/www.pnst.com.br\/fr\/profile\/jean-francois-teisseire\/","url":"https:\/\/www.pnst.com.br\/fr\/profile\/jean-francois-teisseire\/","name":"Jean Fran\u00e7ois Teisseire - PNST","isPartOf":{"@id":"https:\/\/www.pnst.com.br\/fr\/#website"},"primaryImageOfPage":{"@id":"https:\/\/www.pnst.com.br\/fr\/profile\/jean-francois-teisseire\/#primaryimage"},"image":{"@id":"https:\/\/www.pnst.com.br\/fr\/profile\/jean-francois-teisseire\/#primaryimage"},"thumbnailUrl":"https:\/\/www.pnst.com.br\/wp-content\/uploads\/2016\/12\/jean-francois-teisseire-thumb.png","datePublished":"2016-12-05T16:42:31+00:00","dateModified":"2020-09-29T13:21:41+00:00","breadcrumb":{"@id":"https:\/\/www.pnst.com.br\/fr\/profile\/jean-francois-teisseire\/#breadcrumb"},"inLanguage":"fr-FR","potentialAction":[{"@type":"ReadAction","target":["https:\/\/www.pnst.com.br\/fr\/profile\/jean-francois-teisseire\/"]}]},{"@type":"ImageObject","inLanguage":"fr-FR","@id":"https:\/\/www.pnst.com.br\/fr\/profile\/jean-francois-teisseire\/#primaryimage","url":"https:\/\/www.pnst.com.br\/wp-content\/uploads\/2016\/12\/jean-francois-teisseire-thumb.png","contentUrl":"https:\/\/www.pnst.com.br\/wp-content\/uploads\/2016\/12\/jean-francois-teisseire-thumb.png","width":450,"height":450},{"@type":"BreadcrumbList","@id":"https:\/\/www.pnst.com.br\/fr\/profile\/jean-francois-teisseire\/#breadcrumb","itemListElement":[{"@type":"ListItem","position":1,"name":"Accueil","item":"https:\/\/www.pnst.com.br\/fr\/"},{"@type":"ListItem","position":2,"name":"Profiles","item":"https:\/\/www.pnst.com.br\/fr\/profile\/"},{"@type":"ListItem","position":3,"name":"Membres du Conseil D\u2019administration","item":"https:\/\/www.pnst.com.br\/fr\/pl-categs\/boardmembers-directors-fr\/"},{"@type":"ListItem","position":4,"name":"Jean Fran\u00e7ois Teisseire"}]},{"@type":"WebSite","@id":"https:\/\/www.pnst.com.br\/fr\/#website","url":"https:\/\/www.pnst.com.br\/fr\/","name":"PNST","description":"Pacheco Neto, Sanden, Teisseire Advogados","publisher":{"@id":"https:\/\/www.pnst.com.br\/fr\/#organization"},"potentialAction":[{"@type":"SearchAction","target":{"@type":"EntryPoint","urlTemplate":"https:\/\/www.pnst.com.br\/fr\/?s={search_term_string}"},"query-input":{"@type":"PropertyValueSpecification","valueRequired":true,"valueName":"search_term_string"}}],"inLanguage":"fr-FR"},{"@type":"Organization","@id":"https:\/\/www.pnst.com.br\/fr\/#organization","name":"PNST | Pacheco Neto, Sanden, Teisseire Advogados","url":"https:\/\/www.pnst.com.br\/fr\/","logo":{"@type":"ImageObject","inLanguage":"fr-FR","@id":"https:\/\/www.pnst.com.br\/fr\/#\/schema\/logo\/image\/","url":"https:\/\/www.pnst.com.br\/wp-content\/uploads\/2015\/07\/PNST-Pacheco-Neto-Sanden_Teisseire.jpg","contentUrl":"https:\/\/www.pnst.com.br\/wp-content\/uploads\/2015\/07\/PNST-Pacheco-Neto-Sanden_Teisseire.jpg","width":262,"height":95,"caption":"PNST | Pacheco Neto, Sanden, Teisseire Advogados"},"image":{"@id":"https:\/\/www.pnst.com.br\/fr\/#\/schema\/logo\/image\/"},"sameAs":["https:\/\/www.facebook.com\/PNSTADVOGADOS"]}]}},"uagb_featured_image_src":{"full":["https:\/\/www.pnst.com.br\/wp-content\/uploads\/2016\/12\/jean-francois-teisseire-thumb.png",450,450,false],"thumbnail":["https:\/\/www.pnst.com.br\/wp-content\/uploads\/2016\/12\/jean-francois-teisseire-thumb-150x150.png",150,150,true],"medium":["https:\/\/www.pnst.com.br\/wp-content\/uploads\/2016\/12\/jean-francois-teisseire-thumb-300x300.png",300,300,true],"medium_large":["https:\/\/www.pnst.com.br\/wp-content\/uploads\/2016\/12\/jean-francois-teisseire-thumb.png",450,450,false],"large":["https:\/\/www.pnst.com.br\/wp-content\/uploads\/2016\/12\/jean-francois-teisseire-thumb.png",450,450,false],"1536x1536":["https:\/\/www.pnst.com.br\/wp-content\/uploads\/2016\/12\/jean-francois-teisseire-thumb.png",450,450,false],"2048x2048":["https:\/\/www.pnst.com.br\/wp-content\/uploads\/2016\/12\/jean-francois-teisseire-thumb.png",450,450,false],"single-featured-image":["https:\/\/www.pnst.com.br\/wp-content\/uploads\/2016\/12\/jean-francois-teisseire-thumb-450x385.png",450,385,true],"blog-featured-image":["https:\/\/www.pnst.com.br\/wp-content\/uploads\/2016\/12\/jean-francois-teisseire-thumb-450x290.png",450,290,true],"home-featured":["https:\/\/www.pnst.com.br\/wp-content\/uploads\/2016\/12\/jean-francois-teisseire-thumb-380x450.png",380,450,true],"gb-block-post-grid-landscape":["https:\/\/www.pnst.com.br\/wp-content\/uploads\/2016\/12\/jean-francois-teisseire-thumb.png",400,400,false],"gb-block-post-grid-square":["https:\/\/www.pnst.com.br\/wp-content\/uploads\/2016\/12\/jean-francois-teisseire-thumb.png",450,450,false]},"uagb_author_info":{"display_name":"admin","author_link":"https:\/\/www.pnst.com.br\/fr\/author\/"},"uagb_comment_info":0,"uagb_excerpt":"\u00ab\u00a0\u00catre binational implique la connaissance et la compr\u00e9hension de la culture et des valeurs y attach\u00e9es de chacun des deux pays qui permettent la mise \u00e0 disposition d&rsquo;opportunit\u00e9s r\u00e9ciproques.\u00a0\u00bb Jean Fran\u00e7ois Teisseire\u00a0est associ\u00e9 fondateur de la soci\u00e9t\u00e9 d\u2019Avocats Pacheco Neto Sanden Teisseire Advogados. Il est Franco-Br\u00e9silien et a compl\u00e9t\u00e9 sa formation acad\u00e9mique \u00e0 l&rsquo;Universit\u00e9 Paris\u2026","_links":{"self":[{"href":"https:\/\/www.pnst.com.br\/fr\/wp-json\/wp\/v2\/profile\/10818","targetHints":{"allow":["GET"]}}],"collection":[{"href":"https:\/\/www.pnst.com.br\/fr\/wp-json\/wp\/v2\/profile"}],"about":[{"href":"https:\/\/www.pnst.com.br\/fr\/wp-json\/wp\/v2\/types\/profile"}],"replies":[{"embeddable":true,"href":"https:\/\/www.pnst.com.br\/fr\/wp-json\/wp\/v2\/comments?post=10818"}],"version-history":[{"count":0,"href":"https:\/\/www.pnst.com.br\/fr\/wp-json\/wp\/v2\/profile\/10818\/revisions"}],"wp:featuredmedia":[{"embeddable":true,"href":"https:\/\/www.pnst.com.br\/fr\/wp-json\/wp\/v2\/media\/8533"}],"wp:attachment":[{"href":"https:\/\/www.pnst.com.br\/fr\/wp-json\/wp\/v2\/media?parent=10818"}],"wp:term":[{"taxonomy":"pl-categs","embeddable":true,"href":"https:\/\/www.pnst.com.br\/fr\/wp-json\/wp\/v2\/pl-categs?post=10818"}],"curies":[{"name":"wp","href":"https:\/\/api.w.org\/{rel}","templated":true}]}}